{"id":4894,"date":"2020-08-20T10:49:14","date_gmt":"2020-08-20T07:49:14","guid":{"rendered":"http:\/\/pdo.atauni.edu.tr\/?page_id=4894"},"modified":"2025-01-30T11:16:19","modified_gmt":"2025-01-30T08:16:19","slug":"uluslararasi","status":"publish","type":"page","link":"https:\/\/pdo.atauni.edu.tr\/index.php\/uluslararasi\/","title":{"rendered":"Uluslararas\u0131"},"content":{"rendered":"\t\t<div data-elementor-type=\"wp-page\" data-elementor-id=\"4894\" class=\"elementor elementor-4894\" data-elementor-post-type=\"page\">\n\t\t\t\t\t\t<section class=\"elementor-section elementor-top-section elementor-element elementor-element-80829ff elementor-section-boxed elementor-section-height-default elementor-section-height-default\" data-id=\"80829ff\" data-element_type=\"section\" data-e-type=\"section\">\n\t\t\t\t\t\t<div class=\"elementor-container elementor-column-gap-default\">\n\t\t\t\t\t<div class=\"elementor-column elementor-col-100 elementor-top-column elementor-element elementor-element-e0e92f9\" data-id=\"e0e92f9\" data-element_type=\"column\" data-e-type=\"column\">\n\t\t\t<div class=\"elementor-widget-wrap elementor-element-populated\">\n\t\t\t\t\t\t<div class=\"elementor-element elementor-element-6f88bd5 elementor-widget elementor-widget-image\" data-id=\"6f88bd5\" data-element_type=\"widget\" data-e-type=\"widget\" data-widget_type=\"image.default\">\n\t\t\t\t<div class=\"elementor-widget-container\">\n\t\t\t\t\t\t\t\t\t\t\t\t\t\t\t<img fetchpriority=\"high\" decoding=\"async\" width=\"2000\" height=\"1390\" src=\"https:\/\/pdo.atauni.edu.tr\/wp-content\/uploads\/2022\/11\/ufuk-avrupa.png\" class=\"attachment-full size-full wp-image-7284\" alt=\"\" srcset=\"https:\/\/pdo.atauni.edu.tr\/wp-content\/uploads\/2022\/11\/ufuk-avrupa.png 2000w, https:\/\/pdo.atauni.edu.tr\/wp-content\/uploads\/2022\/11\/ufuk-avrupa-300x209.png 300w, https:\/\/pdo.atauni.edu.tr\/wp-content\/uploads\/2022\/11\/ufuk-avrupa-1024x712.png 1024w, https:\/\/pdo.atauni.edu.tr\/wp-content\/uploads\/2022\/11\/ufuk-avrupa-768x534.png 768w, https:\/\/pdo.atauni.edu.tr\/wp-content\/uploads\/2022\/11\/ufuk-avrupa-1536x1068.png 1536w\" sizes=\"(max-width: 2000px) 100vw, 2000px\" \/>\t\t\t\t\t\t\t\t\t\t\t\t\t\t\t<\/div>\n\t\t\t\t<\/div>\n\t\t\t\t\t<\/div>\n\t\t<\/div>\n\t\t\t\t\t<\/div>\n\t\t<\/section>\n\t\t\t\t<section class=\"elementor-section elementor-top-section elementor-element elementor-element-8498e72 elementor-section-boxed elementor-section-height-default elementor-section-height-default\" data-id=\"8498e72\" data-element_type=\"section\" data-e-type=\"section\">\n\t\t\t\t\t\t<div class=\"elementor-container elementor-column-gap-default\">\n\t\t\t\t\t<div class=\"elementor-column elementor-col-50 elementor-top-column elementor-element elementor-element-12f4175\" data-id=\"12f4175\" data-element_type=\"column\" data-e-type=\"column\">\n\t\t\t<div class=\"elementor-widget-wrap elementor-element-populated\">\n\t\t\t\t\t\t<div class=\"elementor-element elementor-element-fbebef3 elementor-widget elementor-widget-image\" data-id=\"fbebef3\" data-element_type=\"widget\" data-e-type=\"widget\" data-widget_type=\"image.default\">\n\t\t\t\t<div class=\"elementor-widget-container\">\n\t\t\t\t\t\t\t\t\t\t\t\t\t\t\t<img decoding=\"async\" width=\"800\" height=\"2000\" src=\"https:\/\/pdo.atauni.edu.tr\/wp-content\/uploads\/2023\/02\/Mavi-ve-Yesil-Dalgali-Cizgiler-Futurist-Bagis-Toplama-Hayirseverlik-Infografik.png\" class=\"attachment-full size-full wp-image-7500\" alt=\"\" srcset=\"https:\/\/pdo.atauni.edu.tr\/wp-content\/uploads\/2023\/02\/Mavi-ve-Yesil-Dalgali-Cizgiler-Futurist-Bagis-Toplama-Hayirseverlik-Infografik.png 800w, https:\/\/pdo.atauni.edu.tr\/wp-content\/uploads\/2023\/02\/Mavi-ve-Yesil-Dalgali-Cizgiler-Futurist-Bagis-Toplama-Hayirseverlik-Infografik-120x300.png 120w, https:\/\/pdo.atauni.edu.tr\/wp-content\/uploads\/2023\/02\/Mavi-ve-Yesil-Dalgali-Cizgiler-Futurist-Bagis-Toplama-Hayirseverlik-Infografik-410x1024.png 410w, https:\/\/pdo.atauni.edu.tr\/wp-content\/uploads\/2023\/02\/Mavi-ve-Yesil-Dalgali-Cizgiler-Futurist-Bagis-Toplama-Hayirseverlik-Infografik-768x1920.png 768w, https:\/\/pdo.atauni.edu.tr\/wp-content\/uploads\/2023\/02\/Mavi-ve-Yesil-Dalgali-Cizgiler-Futurist-Bagis-Toplama-Hayirseverlik-Infografik-614x1536.png 614w\" sizes=\"(max-width: 800px) 100vw, 800px\" \/>\t\t\t\t\t\t\t\t\t\t\t\t\t\t\t<\/div>\n\t\t\t\t<\/div>\n\t\t\t\t\t<\/div>\n\t\t<\/div>\n\t\t\t\t<div class=\"elementor-column elementor-col-50 elementor-top-column elementor-element elementor-element-be52935\" data-id=\"be52935\" data-element_type=\"column\" data-e-type=\"column\">\n\t\t\t<div class=\"elementor-widget-wrap elementor-element-populated\">\n\t\t\t\t\t\t<div class=\"elementor-element elementor-element-a7df89c elementor-widget elementor-widget-image\" data-id=\"a7df89c\" data-element_type=\"widget\" data-e-type=\"widget\" data-widget_type=\"image.default\">\n\t\t\t\t<div class=\"elementor-widget-container\">\n\t\t\t\t\t\t\t\t\t\t\t\t\t\t\t<img decoding=\"async\" width=\"800\" height=\"2000\" src=\"https:\/\/pdo.atauni.edu.tr\/wp-content\/uploads\/2023\/02\/Mavi-ve-Yesil-Dalgali-Cizgiler-Futurist-Bagis-Toplama-Hayirseverlik-Infografik-1.png\" class=\"attachment-full size-full wp-image-7499\" alt=\"\" srcset=\"https:\/\/pdo.atauni.edu.tr\/wp-content\/uploads\/2023\/02\/Mavi-ve-Yesil-Dalgali-Cizgiler-Futurist-Bagis-Toplama-Hayirseverlik-Infografik-1.png 800w, https:\/\/pdo.atauni.edu.tr\/wp-content\/uploads\/2023\/02\/Mavi-ve-Yesil-Dalgali-Cizgiler-Futurist-Bagis-Toplama-Hayirseverlik-Infografik-1-120x300.png 120w, https:\/\/pdo.atauni.edu.tr\/wp-content\/uploads\/2023\/02\/Mavi-ve-Yesil-Dalgali-Cizgiler-Futurist-Bagis-Toplama-Hayirseverlik-Infografik-1-410x1024.png 410w, https:\/\/pdo.atauni.edu.tr\/wp-content\/uploads\/2023\/02\/Mavi-ve-Yesil-Dalgali-Cizgiler-Futurist-Bagis-Toplama-Hayirseverlik-Infografik-1-768x1920.png 768w, https:\/\/pdo.atauni.edu.tr\/wp-content\/uploads\/2023\/02\/Mavi-ve-Yesil-Dalgali-Cizgiler-Futurist-Bagis-Toplama-Hayirseverlik-Infografik-1-614x1536.png 614w\" sizes=\"(max-width: 800px) 100vw, 800px\" \/>\t\t\t\t\t\t\t\t\t\t\t\t\t\t\t<\/div>\n\t\t\t\t<\/div>\n\t\t\t\t\t<\/div>\n\t\t<\/div>\n\t\t\t\t\t<\/div>\n\t\t<\/section>\n\t\t\t\t<section class=\"elementor-section elementor-top-section elementor-element elementor-element-51e4f46 elementor-section-boxed elementor-section-height-default elementor-section-height-default\" data-id=\"51e4f46\" data-element_type=\"section\" data-e-type=\"section\">\n\t\t\t\t\t\t<div class=\"elementor-container elementor-column-gap-default\">\n\t\t\t\t\t<div class=\"elementor-column elementor-col-100 elementor-top-column elementor-element elementor-element-8efec27\" data-id=\"8efec27\" data-element_type=\"column\" data-e-type=\"column\">\n\t\t\t<div class=\"elementor-widget-wrap elementor-element-populated\">\n\t\t\t\t\t\t<div class=\"elementor-element elementor-element-e44bd87 elementor-widget elementor-widget-text-editor\" data-id=\"e44bd87\" data-element_type=\"widget\" data-e-type=\"widget\" data-widget_type=\"text-editor.default\">\n\t\t\t\t<div class=\"elementor-widget-container\">\n\t\t\t\t\t\t\t\t\t<h2>\u00a0Avrupa Birli\u011fi 9. \u00c7er\u00e7eve Program\u0131 olan Ufuk Avrupa ile 2021-2027 y\u0131llar\u0131 aras\u0131nda 95,5 milyar Avro&#8217;luk b\u00fct\u00e7eyle bilim ve yenilik faaliyetlerinin desteklenmesi hedeflenmektedir.<\/h2><div><p style=\"font-size: medium; color: #000000; line-height: 27.2px; font-family: poppins, sans-serif; margin-right: 0px; margin-bottom: 0px; margin-left: 0px;\">Ufuk Avrupa bile\u015fenleri alt\u0131nda yer alan k\u00fcme, alan ve misyonlarda 2021 y\u0131l\u0131 \u00e7a\u011fr\u0131lar\u0131<span style=\"font-weight: bolder;\">\u00a0<span style=\"color: #336699; cursor: pointer;\" role=\"link\"><span style=\"cursor: pointer;\" role=\"link\">24 Haziran 2021<\/span><\/span>\u00a0tarihi itibariyle<\/span>\u00a0a\u00e7\u0131lm\u0131\u015ft\u0131r. \u00c7a\u011fr\u0131 duyurular\u0131na\u00a0<a style=\"color: #eb1f25; cursor: pointer;\" href=\"https:\/\/ec.europa.eu\/info\/funding-tenders\/opportunities\/portal\/screen\/opportunities\/topic-search\" target=\"_blank\" rel=\"noopener nofollow noopener noreferrer\">Avrupa Komisyonunun Fonlama ve \u0130hale Portal\u0131<\/a>\u00a0\u00fczerinden \u00e7a\u011fr\u0131 sayfas\u0131ndaki arama motoru ve ilgili filtreler kullan\u0131larak eri\u015filebilir.<\/p><p style=\"font-size: medium; color: #000000; line-height: 27.2px; font-family: poppins, sans-serif; margin-right: 0px; margin-bottom: 0px; margin-left: 0px;\">\u00a0<\/p><p style=\"font-size: medium; color: #000000; line-height: 27.2px; font-family: poppins, sans-serif; margin-right: 0px; margin-bottom: 0px; margin-left: 0px;\"><span style=\"font-weight: bolder;\">Ufuk Avrupa Nedir?<\/span><\/p><p style=\"font-size: medium; color: #000000; line-height: 27.2px; font-family: poppins, sans-serif; margin-right: 0px; margin-bottom: 0px; margin-left: 0px;\">Ufuk Avrupa Program\u0131n ama\u00e7lar\u0131;<\/p><ol style=\"margin-right: 0px; margin-bottom: 0px; margin-left: 0px; padding: 0px; color: #000000; font-family: poppins, sans-serif; font-size: medium;\"><li style=\"margin-left: 20px;\">Avrupa Birli\u011fi\u2019ni bilimsel ve teknolojik y\u00f6nden g\u00fc\u00e7lendirmek,<\/li><li style=\"margin-left: 20px;\">Avrupa\u2019n\u0131n yenilik kapasitesini, rekabet\u00e7ili\u011fini ve istihdam\u0131n\u0131 y\u00fckseltmek, toplum \u00f6nceliklerini kar\u015f\u0131lamak,<\/li><li style=\"margin-left: 20px;\">Avrupa\u2019n\u0131n sosyoekonomik model ve de\u011ferlerini s\u00fcrd\u00fcrmektir.<\/li><\/ol><p style=\"font-size: medium; color: #000000; line-height: 27.2px; font-family: poppins, sans-serif; margin-right: 0px; margin-bottom: 0px; margin-left: 0px;\">Ufuk Avrupa Program\u0131n\u0131n yap\u0131s\u0131 Ufuk2020 Program\u0131n\u0131n yap\u0131s\u0131na benzer \u015fekilde 3 bile\u015fen alt\u0131nda toplanmaktad\u0131r. Bu 3 bile\u015fen Bilimsel M\u00fckemmeliyet, K\u00fcresel Sorunlar ve End\u00fcstriyel Rekabet, Yenilik\u00e7i Avrupa olarak belirlenmi\u015ftir. Alt programlar\u0131n birbiri ve di\u011fer Birlik Programlar\u0131 ile uyumlu ve b\u00fct\u00fcnleyici olmas\u0131 planlanm\u0131\u015ft\u0131r. A\u00e7\u0131k bilim ve a\u00e7\u0131k yenilik kavramlar\u0131 Program\u0131n b\u00fct\u00fcn\u00fc i\u00e7in uygulanacakt\u0131r.<\/p><p style=\"font-size: medium; color: #000000; line-height: 27.2px; font-family: poppins, sans-serif; margin-right: 0px; margin-bottom: 0px; margin-left: 0px;\">\u00a0<\/p><p style=\"font-size: medium; color: #000000; line-height: 27.2px; font-family: poppins, sans-serif; margin-right: 0px; margin-bottom: 0px; margin-left: 0px;\">Ufuk Avrupa Program\u0131 yap\u0131s\u0131 a\u015fa\u011f\u0131da sunulmaktad\u0131r.<\/p><p style=\"font-size: medium; color: #000000; line-height: 27.2px; font-family: poppins, sans-serif; margin-right: 0px; margin-bottom: 0px; margin-left: 0px;\">\u00a0<\/p><p style=\"font-size: medium; color: #000000; line-height: 27.2px; font-family: poppins, sans-serif; margin-right: 0px; margin-bottom: 0px; margin-left: 0px;\"><img loading=\"lazy\" decoding=\"async\" style=\"float: left; width: 873.328px; display: block;\" src=\"https:\/\/ufukavrupa.org.tr\/sites\/default\/files\/inline-images\/ufuk_avrupa_yapisi_2.jpg\" alt=\"UA Yap\u0131\" width=\"1125\" height=\"542\" \/><\/p><p style=\"font-size: medium; color: #000000; line-height: 27.2px; font-family: poppins, sans-serif; margin-right: 0px; margin-bottom: 0px; margin-left: 0px;\">\u00a0<\/p><p style=\"font-size: medium; color: #000000; line-height: 27.2px; font-family: poppins, sans-serif; margin-right: 0px; margin-bottom: 0px; margin-left: 0px;\">\u00a0<\/p><p style=\"font-size: medium; color: #000000; line-height: 27.2px; font-family: poppins, sans-serif; margin-right: 0px; margin-bottom: 0px; margin-left: 0px;\">\u00a0<\/p><p style=\"font-size: medium; color: #000000; line-height: 27.2px; font-family: poppins, sans-serif; margin-right: 0px; margin-bottom: 0px; margin-left: 0px;\">\u00a0<\/p><p style=\"font-size: medium; color: #000000; line-height: 27.2px; font-family: poppins, sans-serif; margin-right: 0px; margin-bottom: 0px; margin-left: 0px;\">\u00a0<\/p><p style=\"font-size: medium; color: #000000; line-height: 27.2px; font-family: poppins, sans-serif; margin-right: 0px; margin-bottom: 0px; margin-left: 0px;\">\u00a0<\/p><p style=\"font-size: medium; color: #000000; line-height: 27.2px; font-family: poppins, sans-serif; margin-right: 0px; margin-bottom: 0px; margin-left: 0px;\">\u00a0<\/p><p style=\"font-size: medium; color: #000000; line-height: 27.2px; font-family: poppins, sans-serif; margin-right: 0px; margin-bottom: 0px; margin-left: 0px;\">\u00a0<\/p><p style=\"font-size: medium; color: #000000; line-height: 27.2px; font-family: poppins, sans-serif; margin-right: 0px; margin-bottom: 0px; margin-left: 0px;\">\u00a0<\/p><p style=\"font-size: medium; color: #000000; line-height: 27.2px; font-family: poppins, sans-serif; margin-right: 0px; margin-bottom: 0px; margin-left: 0px;\">\u00a0<\/p><p style=\"font-size: medium; color: #000000; line-height: 27.2px; font-family: poppins, sans-serif; margin-right: 0px; margin-bottom: 0px; margin-left: 0px;\">\u00a0<\/p><p style=\"font-size: medium; color: #000000; line-height: 27.2px; font-family: poppins, sans-serif; margin-right: 0px; margin-bottom: 0px; margin-left: 0px;\">\u00a0<\/p><p style=\"font-size: medium; color: #000000; line-height: 27.2px; font-family: poppins, sans-serif; margin-right: 0px; margin-bottom: 0px; margin-left: 0px;\">\u00a0<\/p><p style=\"font-size: medium; color: #000000; line-height: 27.2px; font-family: poppins, sans-serif; margin-right: 0px; margin-bottom: 0px; margin-left: 0px;\">\u00a0<\/p><p style=\"font-size: medium; color: #000000; line-height: 27.2px; font-family: poppins, sans-serif; margin-right: 0px; margin-bottom: 0px; margin-left: 0px;\">\u00a0<\/p><p style=\"font-size: medium; color: #000000; line-height: 27.2px; font-family: poppins, sans-serif; margin-right: 0px; margin-bottom: 0px; margin-left: 0px;\">\u00a0<\/p><p style=\"font-size: medium; color: #000000; line-height: 27.2px; font-family: poppins, sans-serif; margin-right: 0px; margin-bottom: 0px; margin-left: 0px;\">\u00a0<\/p><p style=\"font-size: medium; color: #000000; line-height: 27.2px; font-family: poppins, sans-serif; margin-right: 0px; margin-bottom: 0px; margin-left: 0px;\">Ufuk Avrupa Program\u0131 kapsam\u0131nda, AB \u00c7er\u00e7eve Programlar\u0131n\u0131n topluma daha iyi anlat\u0131labilmesi, daha \u00f6l\u00e7\u00fclebilir hedefler d\u00e2hilinde de\u011ferlendirilebilmesi amac\u0131yla Avrupa Komisyonu taraf\u0131ndan misyonlar olu\u015fturulmu\u015ftur. Misyonlar kar\u015f\u0131 kar\u015f\u0131ya oldu\u011fumuz zorluklar\u0131n baz\u0131lar\u0131na belirli bir b\u00fct\u00e7e ile ve belirlenmi\u015f bir s\u00fcrede \u00e7\u00f6z\u00fcmler sunmay\u0131 ama\u00e7lamaktad\u0131r. Komisyon taraf\u0131ndan belirlenen 5 misyon a\u015fa\u011f\u0131da belirtilmektedir.<\/p><ul style=\"margin-bottom: 20px; margin-left: 20px; border: 0px; font-size: 15px; line-height: inherit; font-family: arial, helvetica, serif; vertical-align: baseline; list-style-position: inside; list-style-image: initial; color: #333333; text-align: justify;\"><li style=\"margin-left: 20px;\">Kanser Misyonu: Conquering Cancer: Mission Possible<\/li><li style=\"margin-left: 20px;\">\u0130klim De\u011fi\u015fikli\u011fi Misyonu: Accelerating the transition to a climate prepared and resilient Europe<\/li><li style=\"margin-left: 20px;\">Okyanus ve Sular Misyonu: Regenerating our Ocean and Waters<\/li><li style=\"margin-left: 20px;\">\u0130klim N\u00f6tr ve Ak\u0131ll\u0131 \u015eehirler Misyonu: 100 Climate-Neutral Cities by 2030 &#8211; by and for the citizens<\/li><li style=\"margin-left: 20px;\">Toprak\u00a0<span style=\"color: #336699; cursor: pointer;\" role=\"link\">Sa<\/span>\u011fl\u0131\u011f\u0131 ve G\u0131da Misyonu: Caring for Soil is Caring for Life<\/li><\/ul><p style=\"margin-right: 0px; margin-bottom: 0px; margin-left: 0px; padding: 0px; border: 0px; font-size: 15px; line-height: inherit; font-family: arial, helvetica, serif; vertical-align: baseline; color: #333333; text-align: justify;\">\u00d6nerdi\u011fi projede belirtilen Ar-Ge g\u00f6revlerini ger\u00e7ekle\u015ftirebilecek operasyonel ve mali uygunlu\u011fa sahip herhangi bir ger\u00e7ek veya t\u00fczel ki\u015fi (KOB\u0130\u2019ler, sanayi kurulu\u015flar\u0131, ara\u015ft\u0131rma merkezleri, \u00fcniversiteler, kamu kurulu\u015flar\u0131, k\u00e2r amac\u0131 g\u00fctmeyen kurulu\u015flar) Ufuk Avrupa Program\u0131\u2019na ba\u015fvuru yapabilir.<\/p><p style=\"margin-right: 0px; margin-bottom: 0px; margin-left: 0px; padding: 0px; border: 0px; font-size: 15px; line-height: inherit; font-family: arial, helvetica, serif; vertical-align: baseline; color: #333333; text-align: justify;\">\u00a0<\/p><p><br \/>TUB\u0130TAK Ufuk Avrupa\u00a0<br \/><a style=\"color: #336699; cursor: pointer;\" href=\"https:\/\/ufukavrupa.org.tr\/\" target=\"_blank\" rel=\"nofollow noopener noreferrer\">https:\/\/ufukavrupa.org.tr\/<\/a><\/p><\/div><div>\u00a0<\/div><div>Ufuk Avrupa<\/div><div><a style=\"color: #336699; cursor: pointer;\" href=\"https:\/\/research-and-innovation.ec.europa.eu\/funding\/funding-opportunities\/funding-programmes-and-open-calls\/horizon-europe_en\" target=\"_blank\" rel=\"nofollow noopener noreferrer\">https:\/\/research-and-innovation.ec.europa.eu\/funding\/funding-opportunities\/funding-programmes-and-open-calls\/horizon-europe_en<\/a><\/div><div>\u00a0<\/div><div>Ufuk Avrupa Sunum (\u0130ngilizce)<\/div><div>\u00a0<\/div><div><a style=\"color: #336699; cursor: pointer;\" href=\"https:\/\/research-and-innovation.ec.europa.eu\/document\/9224c3b4-f529-4b48-b21b-879c442002a2_en\" target=\"_blank\" rel=\"nofollow noopener noreferrer\">https:\/\/research-and-innovation.ec.europa.eu\/document\/9224c3b4-f529-4b48-b21b-879c442002a2_en<\/a><\/div><div>\u00a0<\/div><div>\u00a0<\/div><div>Ufuk Avrupa K\u00fcmeler<\/div><div><a style=\"color: #336699; cursor: pointer;\" href=\"https:\/\/ufukavrupa.org.tr\/tr\/alanlar-kumeler\" target=\"_blank\" rel=\"nofollow noopener noreferrer\">https:\/\/ufukavrupa.org.tr\/tr\/alanlar-kumeler<\/a><\/div><div>\u00a0<\/div><div>Ufuk Avrupa Misyonlar<\/div><div><a style=\"color: #336699; cursor: pointer;\" href=\"https:\/\/ufukavrupa.org.tr\/tr\/misyonlar\" target=\"_blank\" rel=\"nofollow noopener noreferrer\">https:\/\/ufukavrupa.org.tr\/tr\/misyonlar<\/a><\/div><div>\u00a0<\/div><div>Ufuk Avrupa \u00c7a\u011fr\u0131lar\u0131\u00a0<\/div><div><a style=\"color: #336699; cursor: pointer;\" href=\"https:\/\/ec.europa.eu\/info\/funding-tenders\/opportunities\/portal\/screen\/opportunities\/topic-search;callCode=null;freeTextSearchKeyword=;matchWholeText=true;typeCodes=0,1,2,8;statusCodes=31094501,31094502,31094503;programmePeriod=null;programCcm2Id=43108390;programDivisionCode=null;focusAreaCode=null;destinationGroup=null;missionGroup=null;geographicalZonesCode=null;programmeDivisionProspect=null;startDateLte=null;startDateGte=null;crossCuttingPriorityCode=null;cpvCode=null;performanceOfDelivery=null;sortQuery=sortStatus;orderBy=asc;onlyTenders=false;topicListKey=topicSearchTablePageState\" target=\"_blank\" rel=\"nofollow noopener noreferrer\">https:\/\/ec.europa.eu\/info\/funding-tenders\/opportunities\/portal\/screen\/opportunities\/topic-search;callCode=null;freeTextSearchKeyword=;matchWholeText=true;typeCodes=0,1,2,8;statusCodes=31094501,31094502,31094503;programmePeriod=null;programCcm2Id=43108390;programDivisionCode=null;focusAreaCode=null;destinationGroup=null;missionGroup=null;geographicalZonesCode=null;programmeDivisionProspect=null;startDateLte=null;startDateGte=null;crossCuttingPriorityCode=null;cpvCode=null;performanceOfDelivery=null;sortQuery=sortStatus;orderBy=asc;onlyTenders=false;topicListKey=topicSearchTablePageState<\/a><\/div><div>\u00a0<\/div><div>Ufuk Avrupa, Avrupa Ara\u015ft\u0131rma Konseyi<\/div><div><a style=\"color: #336699; cursor: pointer;\" href=\"https:\/\/ufukavrupa.org.tr\/tr\/alanlar-kumeler\/avrupa-arastirma-konseyi\" target=\"_blank\" rel=\"nofollow noopener noreferrer\">https:\/\/ufukavrupa.org.tr\/tr\/alanlar-kumeler\/avrupa-arastirma-konseyi<\/a><\/div><div>\u00a0<\/div><div>Ufuk Avrupa, Marie Cruie\u00a0 \u00c7a\u011fr\u0131lar\u0131<\/div><div><a style=\"color: #336699; cursor: pointer;\" href=\"https:\/\/ufukavrupa.org.tr\/tr\/alanlar-kumeler\/marie-sklodowska-curie-alani-tum-cagrilar\" target=\"_blank\" rel=\"nofollow noopener noreferrer\">https:\/\/ufukavrupa.org.tr\/tr\/alanlar-kumeler\/marie-sklodowska-curie-alani-tum-cagrilar<\/a><\/div><div>\u00a0<\/div><div>Ufuk Avrupa, Ara\u015ft\u0131rma Alt Yap\u0131lar\u0131<\/div><div><a style=\"color: #336699; cursor: pointer;\" href=\"https:\/\/ufukavrupa.org.tr\/tr\/alanlar-kumeler\/arastirma-altyapilari\" target=\"_blank\" rel=\"nofollow noopener noreferrer\">https:\/\/ufukavrupa.org.tr\/tr\/alanlar-kumeler\/arastirma-altyapilari<\/a><\/div><div>\u00a0<\/div><div>\u00a0<\/div><div>Ufuk Avrupa Hakemlik Ba\u015fvurusu\u00a0<\/div><div><a style=\"color: #336699; cursor: pointer;\" href=\"https:\/\/ec.europa.eu\/info\/funding-tenders\/opportunities\/portal\/screen\/work-as-an-expert\" target=\"_blank\" rel=\"nofollow noopener noreferrer\">https:\/\/ec.europa.eu\/info\/funding-tenders\/opportunities\/portal\/screen\/work-as-an-expert<\/a><\/div><div>\u00a0<\/div><div><span style=\"font-size: 12pt;\">\u00c7er\u00e7eve Programlar\u0131ndan\u00a0<\/span><span style=\"font-size: 12pt;\">\u00a0<\/span>Desteklenmi\u015f Projeler<\/div><div><a style=\"color: #336699; cursor: pointer;\" href=\"https:\/\/cordis.europa.eu\/projects\/en\" target=\"_blank\" rel=\"nofollow noopener noreferrer\">https:\/\/cordis.europa.eu\/projects\/en<\/a><\/div><div>\u00a0<\/div><div>TUB\u0130TAK Destekleri<\/div><div><a style=\"color: #336699; cursor: pointer;\" href=\"https:\/\/ufukavrupa.org.tr\/tr\/tubitak-destekleri\" target=\"_blank\" rel=\"nofollow noopener noreferrer\">https:\/\/ufukavrupa.org.tr\/tr\/tubitak-destekleri<\/a><\/div><div>\u00a0<\/div><div>Ulusal Ajans<\/div><div><a style=\"color: #336699; cursor: pointer;\" href=\"https:\/\/www.ua.gov.tr\/\" target=\"_blank\" rel=\"nofollow noopener noreferrer\">https:\/\/www.ua.gov.tr\/<\/a><\/div><div>\u00a0<\/div><div>Erasmus Programlar\u0131<\/div><div><a style=\"color: #336699; cursor: pointer;\" href=\"https:\/\/www.ua.gov.tr\/programlar_\/erasmus-programi\/\" target=\"_blank\" rel=\"nofollow noopener noreferrer\">https:\/\/www.ua.gov.tr\/programlar_\/erasmus-programi\/<\/a><\/div><div>\u00a0<\/div><div>Erasmus Plus Ba\u015fvuru Takvimi<\/div><div><a style=\"color: #336699; cursor: pointer;\" href=\"https:\/\/www.ua.gov.tr\/anasayfa\/icerikler\/teklif-cagrilari\/\" target=\"_blank\" rel=\"nofollow noopener noreferrer\">https:\/\/www.ua.gov.tr\/anasayfa\/icerikler\/teklif-cagrilari\/<\/a><\/div><div>\u00a0<\/div><div>\u00a0<\/div><div>\u00a0<\/div><div>\u00a0<\/div><h1><span style=\"color: #3366ff;\">\u00a0<a style=\"color: #3366ff;\" href=\"https:\/\/www.ardahan.edu.tr\/proje_koordinatorlugu\/?\"><strong>\u00a0\u00a0AB KATILIM \u00d6NCES\u0130 IPA<\/strong><\/a><\/span><\/h1><p>Avrupa Birli\u011fi, Kat\u0131l\u0131m \u00d6ncesi Mali Yard\u0131m Arac\u0131 (IPA) ile aday \u00fclkelere finansal yard\u0131m sa\u011flar. T\u00fcrkiye\u2019ye verilen finansal desteklerin amac\u0131, Avrupa Birli\u011fine kat\u0131l\u0131m durumunda, T\u00fcrkiye\u2019nin sosyal politikalar, b\u00f6lgesel ve k\u0131rsal kalk\u0131nma gibi ortak politikalara kolay entegre olmas\u0131 i\u00e7in kurumsal yap\u0131lanman\u0131n geli\u015ftirilmesi, mevzuat\u0131n haz\u0131rlanmas\u0131 ve uygulanabilirli\u011finin sa\u011flanmas\u0131d\u0131r.<\/p><p>2014-2020 periyodunda yap\u0131lacak Kat\u0131l\u0131m \u00d6ncesi Mali Yard\u0131m Arac\u0131 ana bile\u015fenleri, Ge\u00e7i\u015f D\u00f6nemi Deste\u011fi ve Kurumsal Yap\u0131lanma, S\u0131n\u0131r\u00f6tesi \u0130\u015fbirli\u011fi, B\u00f6lgesel Kalk\u0131nma, \u0130nsan Kaynaklar\u0131n\u0131n geli\u015ftirilmesi ve K\u0131rsal Kalk\u0131nmad\u0131r. Bu bile\u015fenlerle ve Mali Yard\u0131m Arac\u0131 ile ilgili detaylara Avrupa Birli\u011fi Bakanl\u0131\u011f\u0131\u00a0<a href=\"http:\/\/www.abgs.gov.tr\/index.php?p=5&amp;l=2\">web sitesi<\/a>nden ve Avrupa Komisyonu\u00a0<a href=\"http:\/\/ec.europa.eu\/enlargement\/instruments\/funding-by-country\/turkey\/index_en.htm\">web sitesi<\/a>nden ula\u015f\u0131labilir.<\/p><p>Y\u00f6netmelik:<br \/><a href=\"http:\/\/www.abgs.gov.tr\/files\/mali_isbirligi_baskanligi\/ipa_ii_tuzugu.pdf\">http:\/\/www.abgs.gov.tr\/files\/mali_isbirligi_baskanligi\/ipa_ii_tuzugu.pdf<\/a><br \/>T\u00fcrkiye i\u00e7in Strateji Belgesi:<br \/><a href=\"http:\/\/ec.europa.eu\/enlargement\/pdf\/key_documents\/2014\/20140919-csp-turkey.pdf\">http:\/\/ec.europa.eu\/enlargement\/pdf\/key_documents\/2014\/20140919-csp-turkey.pdf<\/a><\/p><p>IPA ba\u015fvurular\u0131 ilgili bakanl\u0131klara yap\u0131l\u0131r. Ana IPA bile\u015fenlerinin koordinat\u00f6rl\u00fc\u011f\u00fcn\u00fc yapan bakanl\u0131klar a\u015fa\u011f\u0131daki Tabloda \u00f6zetlenmi\u015ftir.<\/p><table width=\"958\"><tbody><tr><td width=\"312\"><p><strong>Pilot Proje Uygulanan IPA Bile\u015fenleri<\/strong><\/p><p><strong>\u00a0<\/strong><\/p><\/td><td width=\"312\"><p><strong>Hibe Program\u0131 Uygulanan IPA Bile\u015fenleri<\/strong><\/p><\/td><\/tr><tr><td width=\"312\"><p><strong>Kurumsal Yap\u0131lanma<\/strong><\/p><p><strong>Koordinat\u00f6r:<\/strong>\u00a0AB Bakanl\u0131\u011f\u0131<\/p><\/td><td width=\"312\"><p><strong>B\u00f6lgesel Kalk\u0131nma<\/strong><\/p><p><strong>Koordinat\u00f6rler:<\/strong>\u00a0\u00c7evre ve \u015eehircilik Bakanl\u0131\u011f\u0131; Ula\u015ft\u0131rma, Denizcilik ve Haberle\u015fme Bakanl\u0131\u011f\u0131; Bilim, Sanayi ve Teknoloji Bakanl\u0131\u011f\u0131<\/p><\/td><\/tr><tr><td width=\"312\"><p><strong>S\u0131n\u0131r\u00f6tesi \u0130\u015fbirli\u011fi<\/strong><\/p><p><strong>\u00a0Koordinat\u00f6r:\u00a0<\/strong>AB Bakanl\u0131\u011f\u0131<\/p><\/td><td width=\"312\"><p><strong>\u0130nsan Kaynaklar\u0131<\/strong><\/p><p><strong>\u00a0Koordinat\u00f6r:\u00a0<\/strong>\u00c7al\u0131\u015fma ve Sosyal G\u00fcvenlik Bakanl\u0131\u011f\u0131<\/p><\/td><\/tr><tr><td width=\"312\">\u00a0<\/td><td width=\"312\"><p><strong>K\u0131rsal Kalk\u0131nma<\/strong><\/p><p><strong>\u00a0Koordinat\u00f6rler:\u00a0<\/strong>G\u0131da, Tar\u0131n ve Hayvanc\u0131l\u0131k Bakanl\u0131\u011f\u0131; Tar\u0131m ve K\u0131rsal Kalk\u0131nmay\u0131 Destekleme Kurumu<\/p><\/td><\/tr><\/tbody><\/table><h1><span style=\"color: #3366ff;\"><b>ERASMUS+<\/b><\/span><\/h1><p>Erasmus+ Program\u0131 ile ki\u015filere yeni beceriler kazand\u0131r\u0131lmas\u0131, ki\u015fisel geli\u015fimlerinin g\u00fc\u00e7lendirilmesi ve istihdam olanaklar\u0131n\u0131n artt\u0131r\u0131lmas\u0131 ama\u00e7lanmaktad\u0131r. 2014-2020 y\u0131llar\u0131 aras\u0131nda 7 y\u0131l s\u00fcrecek olan program\u00a0<strong>14.7 milyar Euro<\/strong>\u00a0b\u00fct\u00e7esi ile\u00a0<strong>4 milyon ki\u015fiye<\/strong>\u00a0yurt d\u0131\u015f\u0131nda \u00f6\u011frenim g\u00f6rme, staj yapma, i\u015f deneyimi kazanma ve g\u00f6n\u00fcll\u00fc \u00e7al\u0131\u015fma imkan\u0131 vermeyi hedeflemektedir.<\/p><p>Erasmus+\u00a0<a href=\"http:\/\/ec.europa.eu\/education\/opportunities\/index_en.htm\">E\u011fitim<\/a>,\u00a0<a href=\"http:\/\/ec.europa.eu\/education\/opportunities\/index_en.htm\">Staj<\/a>,<a href=\"http:\/\/ec.europa.eu\/youth\/programme\/index_en.htm\">Gen\u00e7lik<\/a>\u00a0ve\u00a0<a href=\"http:\/\/ec.europa.eu\/sport\/opportunities\/index_en.htm\">Spor<\/a>\u00a0sekt\u00f6rlerinde i\u015fbirliklerini art\u0131rmak ve E\u011fitim sekt\u00f6r\u00fc ile \u00c7al\u0131\u015fma hayat\u0131n\u0131n bekledi\u011fi beceriler aras\u0131ndaki farklar\u0131 kapatmak amac\u0131 ile\u00a0<strong>uluslararas\u0131 ortakl\u0131klar\u0131<\/strong>\u00a0desteklemektedir.<\/p><p><a href=\"http:\/\/ec.europa.eu\/programmes\/erasmus-plus\/index_en.htm\">Erasmus+<\/a>\u00a0y\u00fcksek\u00f6\u011frenim kurumlar\u0131ndan gelen \u00f6\u011fretim g\u00f6revlileri ve y\u00fcksek\u00f6\u011frenim kurumu taraf\u0131ndan \u015firketlerden davet edilen ki\u015filer i\u00e7in farkl\u0131 bir kurumda ders verme olana\u011f\u0131 sa\u011flar. Ayr\u0131ca y\u00fcksek \u00f6\u011frenim kurumlar\u0131nda akademik veya idari personel olarak \u00e7al\u0131\u015fanlar i\u00e7in staj\/e\u011fitim imk\u00e2nlar\u0131 vard\u0131r. Detayl\u0131 bilgi i\u00e7in ilgili\u00a0<strong>\u00c7al\u0131\u015fan Hareketlili\u011fi<\/strong>\u00a0<a href=\"http:\/\/ec.europa.eu\/education\/opportunities\/higher-education\/staff_en.htm\">web sitesi<\/a>ni ziyaret ediniz.<\/p><p>Erasmus+ Program\u0131 kapsam\u0131ndaki\u00a0<strong>Jean Monnet Program\u0131<\/strong>\u00a0k\u00fcresel \u00e7apta Avrupa Birli\u011fi \u00e7al\u0131\u015fmalar\u0131 alan\u0131nda \u00f6\u011fretmeyi, ara\u015ft\u0131rmay\u0131 ve d\u00fc\u015f\u00fcnmeyi te\u015fvik etmeyi ama\u00e7lamaktad\u0131r. Bu program ayr\u0131ca AB politikalar\u0131n\u0131n y\u00f6netimini geli\u015ftirmek i\u00e7in akademik d\u00fcnya ile karar al\u0131c\u0131lar aras\u0131ndaki diyalo\u011fu g\u00fc\u00e7lendirmeyi ama\u00e7lamaktad\u0131r.<\/p><h1><span style=\"color: #3366ff;\">T\u00dcB\u0130TAK \u0130K\u0130L\u0130 \u0130\u015e B\u0130RL\u0130KLER\u0130<\/span><\/h1><ul><li><u>T\u00fcbitak \u0130kili \u0130\u015fbirli\u011fi<\/u><\/li><\/ul><p><a href=\"http:\/\/www.tubitak.gov.tr\/tr\/kurumsal\/uluslararasi\/icerik-basvuruya-acik-programlar\">http:\/\/www.tubitak.gov.tr\/tr\/kurumsal\/uluslararasi\/icerik-basvuruya-acik-programlar<\/a><\/p><ul><li><u>T\u00fcbitak \u00c7ok Tarafl\u0131 \u0130\u015fbirli\u011fi<\/u><\/li><\/ul><p><a href=\"http:\/\/www.tubitak.gov.tr\/tr\/kurumsal\/uluslararasi\/icerik-cok-tarafli-programlar\">http:\/\/www.tubitak.gov.tr\/tr\/kurumsal\/uluslararasi\/icerik-cok-tarafli-programlar<\/a><\/p><ul><li><u>Di\u011fer Uluslar Aras\u0131 T\u00fcbitak Programlar\u0131<\/u><\/li><\/ul><p><a href=\"http:\/\/www.tubitak.gov.tr\/tr\/kurumsal\/uluslararasi\/icerik-uluslararasi-firsatlar\">http:\/\/www.tubitak.gov.tr\/tr\/kurumsal\/uluslararasi\/icerik-uluslararasi-firsatlar<\/a><\/p><ul><li><u>NIH hibe ve Destekleri<\/u><\/li><\/ul><p><a href=\"http:\/\/grants.nih.gov\/grants\/oer.htm\">http:\/\/grants.nih.gov\/grants\/oer.htm<\/a><\/p><ul><li><u>NSF destekleri<\/u><\/li><\/ul><p><a href=\"http:\/\/www.nsf.gov\/funding\/\">http:\/\/www.nsf.gov\/funding\/<\/a><\/p><ul><li><u>Newton-Katip \u00c7elebi Fonu<\/u><\/li><\/ul><p>Newton\u2013Katip \u00c7elebi Fonu T\u00fcrkiye ile \u0130ngiltere aras\u0131nda ortak ara\u015ft\u0131rma projeleri, doktora ve doktora sonras\u0131 ara\u015ft\u0131rmac\u0131 burslar\u0131, ara\u015ft\u0131rmac\u0131 de\u011fi\u015fimi, ortak end\u00fcstriyel ara\u015ft\u0131rmalar gibi imkanlar sunmaktad\u0131r. Bu fon kapsam\u0131ndaki hibe ve burslar de\u011fi\u015fik kurulu\u015flar taraf\u0131ndan verilmektedir. Detayl\u0131 bilgi i\u00e7in ilgili web sitelerini ziyaret ediniz:<\/p><p><a href=\"http:\/\/www.britac.ac.uk\/funding\/guide\/newton.cfm\">British Academy<\/a>\u00a0(Hareketlilik Bursu, Ara\u015ft\u0131rma Bursu, Doktora-sonras\u0131 Bursu);<\/p><p><a href=\"https:\/\/royalsociety.org\/grants\/schemes\/newton-advanced-fellowships\/\">Royal Society<\/a>\u00a0(Ara\u015ft\u0131rma Bursu, Hareketlilik Bursu, Doktora-sonras\u0131 Bursu);<\/p><p><a href=\"http:\/\/www.raeng.org.uk\/grants-and-prizes\/international-research-and-collaborations\/newton-fund-programmes\">The Royal Academy of Engineering<\/a>\u00a0(Ara\u015ft\u0131rma Bursu, Konuk veya Akademik \u0130zinli (Sabbatical) Bilim \u0130nsan\u0131 Destekleme Program\u0131);<\/p><p><a href=\"http:\/\/www.britishcouncil.org\/education\/science\/newton?_ga=1.5314683.953807234.1433830429\">British Council<\/a>\u00a0(Doktora Bursu, Yurtd\u0131\u015f\u0131 Doktora Bursu, Ara\u015ft\u0131rmac\u0131 Hareketlili\u011fi, Ara\u015ft\u0131rmac\u0131 Ba\u011flant\u0131lar\u0131-\u00c7al\u0131\u015ftay ve Seyahat Destekleri (Researcher Links), Kurumlararas\u0131 Bilimsel \u0130\u015fbirlikleri (Institutional Links)).<\/p>\t\t\t\t\t\t\t\t<\/div>\n\t\t\t\t<\/div>\n\t\t\t\t\t<\/div>\n\t\t<\/div>\n\t\t\t\t\t<\/div>\n\t\t<\/section>\n\t\t\t\t<\/div>\n\t\t","protected":false},"excerpt":{"rendered":"<p>\u00a0Avrupa Birli\u011fi 9. \u00c7er\u00e7eve Program\u0131 olan Ufuk Avrupa ile 2021-2027 y\u0131llar\u0131 aras\u0131nda 95,5 milyar Avro&#8217;luk b\u00fct\u00e7eyle bilim ve yenilik faaliyetlerinin desteklenmesi hedeflenmektedir. Ufuk Avrupa bile\u015fenleri alt\u0131nda yer alan k\u00fcme, alan ve misyonlarda 2021 y\u0131l\u0131 \u00e7a\u011fr\u0131lar\u0131\u00a024 Haziran 2021\u00a0tarihi itibariyle\u00a0a\u00e7\u0131lm\u0131\u015ft\u0131r. \u00c7a\u011fr\u0131 duyurular\u0131na\u00a0Avrupa Komisyonunun Fonlama ve \u0130hale Portal\u0131\u00a0\u00fczerinden \u00e7a\u011fr\u0131 sayfas\u0131ndaki arama motoru ve ilgili filtreler kullan\u0131larak eri\u015filebilir. \u00a0 [&hellip;]<\/p>\n","protected":false},"author":1,"featured_media":0,"parent":0,"menu_order":0,"comment_status":"closed","ping_status":"closed","template":"","meta":{"footnotes":""},"class_list":["post-4894","page","type-page","status-publish","hentry"],"_links":{"self":[{"href":"https:\/\/pdo.atauni.edu.tr\/index.php\/wp-json\/wp\/v2\/pages\/4894","targetHints":{"allow":["GET"]}}],"collection":[{"href":"https:\/\/pdo.atauni.edu.tr\/index.php\/wp-json\/wp\/v2\/pages"}],"about":[{"href":"https:\/\/pdo.atauni.edu.tr\/index.php\/wp-json\/wp\/v2\/types\/page"}],"author":[{"embeddable":true,"href":"https:\/\/pdo.atauni.edu.tr\/index.php\/wp-json\/wp\/v2\/users\/1"}],"replies":[{"embeddable":true,"href":"https:\/\/pdo.atauni.edu.tr\/index.php\/wp-json\/wp\/v2\/comments?post=4894"}],"version-history":[{"count":26,"href":"https:\/\/pdo.atauni.edu.tr\/index.php\/wp-json\/wp\/v2\/pages\/4894\/revisions"}],"predecessor-version":[{"id":8304,"href":"https:\/\/pdo.atauni.edu.tr\/index.php\/wp-json\/wp\/v2\/pages\/4894\/revisions\/8304"}],"wp:attachment":[{"href":"https:\/\/pdo.atauni.edu.tr\/index.php\/wp-json\/wp\/v2\/media?parent=4894"}],"curies":[{"name":"wp","href":"https:\/\/api.w.org\/{rel}","templated":true}]}}